{"id":3326,"date":"2023-01-25T15:19:06","date_gmt":"2023-01-25T14:19:06","guid":{"rendered":"https:\/\/denkmal-berlin.de\/2023\/?post_type=projekt&#038;p=3326"},"modified":"2023-01-25T16:11:42","modified_gmt":"2023-01-25T15:11:42","slug":"die-10-muse-der-juden-lachen-hilft-zu-ueberleben","status":"publish","type":"projekt","link":"https:\/\/denkmal-berlin.de\/jugendforum\/projekt\/die-10-muse-der-juden-lachen-hilft-zu-ueberleben\/","title":{"rendered":"Die 10. Muse der Juden \u2013 Lachen hilft zu \u00fcberleben"},"content":{"rendered":"\n<p>Das Projekt der Katholischen Schule Liebfrauen behandelt das j\u00fcdische Kabarett in der NS-Zeit. Es gab viele j\u00fcdische Kabarettisten, die in Berlin lebten und das Stadtleben pr\u00e4gten. Diese machten nicht nur politische Satire, sondern auch \u201eAm\u00fcsierbrettl\u201c. So gab es in Berlin Einrichtungen wie z.B. das Ka de Ko, der Begriff steht als Abk\u00fcrzung f\u00fcr Kabarett der Komiker. J\u00fcdische K\u00fcnstlerinnen und K\u00fcnstler wurden nicht aufgrund ihrer k\u00fcnstlerischen Werke verfolgt, sondern wegen der NS-Rassengesetze.<\/p>\n\n\n\n<p>Der Film \u201eDie 10. Muse der Juden- Lachen hilft zu \u00fcberleben\u201c handelt von Gr\u00f6\u00dfen wie Fritz Gr\u00fcnbaum, Rudolf Nelson, Friedrich Holaender, Walter Mehring, Paul Morgen und Anderen. Au\u00dferdem werden Interviews sowie Bild- und Tonausschnitte von j\u00fcdischen Kabarettisten gezeigt, die in der NS-Zeit bzw. in den 30er Jahren Kabarettgeschichte schrieben. Ziel des Projekts ist es, aufzuzeigen, dass es j\u00fcdische Kabarettisten gab, die trotz der Verfolgung durch die Nationalsozialisten den Mut hatten noch im Exil oder in der Gefangenschaft Kabarett zu machen. Als Arbeitsergebnis wird ein Film pr\u00e4sentiert, der im Rahmen des katholischen Religionsunterrichts entstanden ist.<\/p>\n","protected":false},"author":57,"featured_media":3327,"parent":0,"template":"","meta":[],"project_categories":[23,4],"class_list":["post-3326","projekt","type-projekt","status-publish","has-post-thumbnail","hentry","project_categories-23","project_categories-projekt-machmal"],"_links":{"self":[{"href":"https:\/\/denkmal-berlin.de\/jugendforum\/wp-json\/wp\/v2\/projekt\/3326","targetHints":{"allow":["GET"]}}],"collection":[{"href":"https:\/\/denkmal-berlin.de\/jugendforum\/wp-json\/wp\/v2\/projekt"}],"about":[{"href":"https:\/\/denkmal-berlin.de\/jugendforum\/wp-json\/wp\/v2\/types\/projekt"}],"author":[{"embeddable":true,"href":"https:\/\/denkmal-berlin.de\/jugendforum\/wp-json\/wp\/v2\/users\/57"}],"wp:featuredmedia":[{"embeddable":true,"href":"https:\/\/denkmal-berlin.de\/jugendforum\/wp-json\/wp\/v2\/media\/3327"}],"wp:attachment":[{"href":"https:\/\/denkmal-berlin.de\/jugendforum\/wp-json\/wp\/v2\/media?parent=3326"}],"wp:term":[{"taxonomy":"project_categories","embeddable":true,"href":"https:\/\/denkmal-berlin.de\/jugendforum\/wp-json\/wp\/v2\/project_categories?post=3326"}],"curies":[{"name":"wp","href":"https:\/\/api.w.org\/{rel}","templated":true}]}}