{"id":3685,"date":"2023-02-06T18:13:45","date_gmt":"2023-02-06T17:13:45","guid":{"rendered":"https:\/\/denkmal-berlin.de\/2023\/?post_type=projekt&#038;p=3685"},"modified":"2023-02-06T18:21:31","modified_gmt":"2023-02-06T17:21:31","slug":"im-kreis-der-wahrnehmung","status":"publish","type":"projekt","link":"https:\/\/denkmal-berlin.de\/jugendforum\/projekt\/im-kreis-der-wahrnehmung\/","title":{"rendered":"Im Kreis der Wahrnehmung"},"content":{"rendered":"\n<p>Im September 2013 nahmen Sch\u00fclerinnen und Sch\u00fcler des 12. Jahrganges des&nbsp;<strong>Manfred-<\/strong><strong>von-Ardenne-Gymnasiums&nbsp;<\/strong>an dem Fotoworkshop \u201eIm Kreis der Wahrnehmung\u201c in der Gedenkst\u00e4tte Sachsenhausen teil. W\u00e4hrend des Workshops erhielten die Jugendlichen eine Kamera und ein \u201eBeobachtungsrohr\u201c, das sie vor das Objektiv hielten und das dadurch wie ein Fernrohr oder Mikroskop wirkte. Damit ausger\u00fcstet begaben sie sich als Entdeckerinnen und Entdecker auf das Gel\u00e4nde der Gedenkst\u00e4tte und hielten in beeindruckenden Bildern sowie aus ungew\u00f6hnlichen Perspektiven die Spuren der Vergangenheit im ehemaligen Konzentrationslager fest.<\/p>\n","protected":false},"author":57,"featured_media":3687,"parent":0,"template":"","meta":[],"project_categories":[27,4],"class_list":["post-3685","projekt","type-projekt","status-publish","has-post-thumbnail","hentry","project_categories-27","project_categories-projekt-machmal"],"_links":{"self":[{"href":"https:\/\/denkmal-berlin.de\/jugendforum\/wp-json\/wp\/v2\/projekt\/3685","targetHints":{"allow":["GET"]}}],"collection":[{"href":"https:\/\/denkmal-berlin.de\/jugendforum\/wp-json\/wp\/v2\/projekt"}],"about":[{"href":"https:\/\/denkmal-berlin.de\/jugendforum\/wp-json\/wp\/v2\/types\/projekt"}],"author":[{"embeddable":true,"href":"https:\/\/denkmal-berlin.de\/jugendforum\/wp-json\/wp\/v2\/users\/57"}],"wp:featuredmedia":[{"embeddable":true,"href":"https:\/\/denkmal-berlin.de\/jugendforum\/wp-json\/wp\/v2\/media\/3687"}],"wp:attachment":[{"href":"https:\/\/denkmal-berlin.de\/jugendforum\/wp-json\/wp\/v2\/media?parent=3685"}],"wp:term":[{"taxonomy":"project_categories","embeddable":true,"href":"https:\/\/denkmal-berlin.de\/jugendforum\/wp-json\/wp\/v2\/project_categories?post=3685"}],"curies":[{"name":"wp","href":"https:\/\/api.w.org\/{rel}","templated":true}]}}