{"id":4821,"date":"2025-01-23T15:41:28","date_gmt":"2025-01-23T14:41:28","guid":{"rendered":"https:\/\/denkmal-berlin.de\/jugendforum\/?post_type=projekt&#038;p=4821"},"modified":"2025-01-27T08:30:43","modified_gmt":"2025-01-27T07:30:43","slug":"ravensdruck-2","status":"publish","type":"projekt","link":"https:\/\/denkmal-berlin.de\/jugendforum\/projekt\/ravensdruck-2\/","title":{"rendered":"Ravensdruck"},"content":{"rendered":"<p>Zum 11. Ravensdruck in der Mahn- und Gedenkst\u00e4tte Ravensbr\u00fcck lie\u00dfen Sch\u00fclerinnen und Sch\u00fcler der Ernst-Litfa\u00df-Schule aus Berlin wieder Druckgraphiken entstehen, in deren Zentrum diesmal die Lebensgeschichte von Dr. Hildegard Hansche stand. Hildegard Hansches Leben war gepr\u00e4gt durch ihre humanistische Grundhaltung und unbeirrbare Charakterfestigkeit, besonders w\u00e4hrend der Zeit des Nationalsozialismus. Da den Nazis ihre Menschlichkeit als Bedrohung erschien, nahmen sie sie 1942 in \u201eSchutzhaft\u201c und verschleppten sie ins Frauen-Konzentrationslager Ravensbr\u00fcck. Erst 1945, nach der Befreiung des Lagers durch die Rote Armee, kam sie wieder frei. Mit ihren nie angetasteten Entsch\u00e4digungszahlungen und durch \u00e4u\u00dferst sparsame Lebensf\u00fchrung, ersparte sie ein kleines Verm\u00f6gen, das 1994, zwei Jahre nach ihrem Tod, in die von ihr gegr\u00fcndete Dr.-Hildegard-Hansche-Stiftung floss. Eine der Aufgaben der Stiftung ist, ganz im Sinne Hildegard Hansches, Projekte zu f\u00f6rdern, in denen Jugendlichen die menschenverachtenden Taten der Nazis aufgezeigt werden und sie darin zu st\u00e4rken, neuen rechten Einfl\u00fcssen entgegenzutreten. Bis zum 9. April 2025 sind die entstandenen Druckgraphiken im Gro\u00dfen Foyer der Mahn- und Gedenkst\u00e4tte Ravensbr\u00fcck zu sehen.<\/p>\n<div class=\"rl-gallery-container rl-loading\" id=\"rl-gallery-container-1\" data-gallery_id=\"4839\"> <div class=\"rl-gallery rl-basicgrid-gallery \" id=\"rl-gallery-1\" data-gallery_no=\"1\"> <div class=\"rl-gallery-item\"><a href=\"https:\/\/denkmal-berlin.de\/jugendforum\/files\/2025\/01\/formular-upload-img_2874-scaled.jpeg\" title=\"\" data-rl_title=\"\" class=\"rl-gallery-link\" data-rl_caption=\"\" data-rel=\"lightbox-gallery-1\"><img loading=\"lazy\" decoding=\"async\" src=\"https:\/\/denkmal-berlin.de\/jugendforum\/files\/2025\/01\/formular-upload-img_2874-768x576.jpeg\" width=\"768\" height=\"576\" alt=\"\" \/><\/a><\/div><div class=\"rl-gallery-item\"><a href=\"https:\/\/denkmal-berlin.de\/jugendforum\/files\/2025\/01\/formular-upload-img_2849-scaled.jpeg\" title=\"\" data-rl_title=\"\" class=\"rl-gallery-link\" data-rl_caption=\"\" data-rel=\"lightbox-gallery-1\"><img loading=\"lazy\" decoding=\"async\" src=\"https:\/\/denkmal-berlin.de\/jugendforum\/files\/2025\/01\/formular-upload-img_2849-768x576.jpeg\" width=\"768\" height=\"576\" alt=\"\" \/><\/a><\/div><div class=\"rl-gallery-item\"><a href=\"https:\/\/denkmal-berlin.de\/jugendforum\/files\/2025\/01\/formular-upload-img_2848-1-scaled.jpeg\" title=\"\" data-rl_title=\"\" class=\"rl-gallery-link\" data-rl_caption=\"\" data-rel=\"lightbox-gallery-1\"><img loading=\"lazy\" decoding=\"async\" src=\"https:\/\/denkmal-berlin.de\/jugendforum\/files\/2025\/01\/formular-upload-img_2848-1-768x576.jpeg\" width=\"768\" height=\"576\" alt=\"\" \/><\/a><\/div><div class=\"rl-gallery-item\"><a href=\"https:\/\/denkmal-berlin.de\/jugendforum\/files\/2025\/01\/formular-upload-img_2875-scaled.jpeg\" title=\"\" data-rl_title=\"\" class=\"rl-gallery-link\" data-rl_caption=\"\" data-rel=\"lightbox-gallery-1\"><img loading=\"lazy\" decoding=\"async\" src=\"https:\/\/denkmal-berlin.de\/jugendforum\/files\/2025\/01\/formular-upload-img_2875-768x576.jpeg\" width=\"768\" height=\"576\" alt=\"\" \/><\/a><\/div> <\/div> <\/div>\n","protected":false},"author":52,"featured_media":4822,"parent":0,"template":"","meta":[],"project_categories":[39,4,5],"class_list":["post-4821","projekt","type-projekt","status-publish","has-post-thumbnail","hentry","project_categories-39","project_categories-projekt-machmal","project_categories-projekt-malmal"],"_links":{"self":[{"href":"https:\/\/denkmal-berlin.de\/jugendforum\/wp-json\/wp\/v2\/projekt\/4821","targetHints":{"allow":["GET"]}}],"collection":[{"href":"https:\/\/denkmal-berlin.de\/jugendforum\/wp-json\/wp\/v2\/projekt"}],"about":[{"href":"https:\/\/denkmal-berlin.de\/jugendforum\/wp-json\/wp\/v2\/types\/projekt"}],"author":[{"embeddable":true,"href":"https:\/\/denkmal-berlin.de\/jugendforum\/wp-json\/wp\/v2\/users\/52"}],"wp:featuredmedia":[{"embeddable":true,"href":"https:\/\/denkmal-berlin.de\/jugendforum\/wp-json\/wp\/v2\/media\/4822"}],"wp:attachment":[{"href":"https:\/\/denkmal-berlin.de\/jugendforum\/wp-json\/wp\/v2\/media?parent=4821"}],"wp:term":[{"taxonomy":"project_categories","embeddable":true,"href":"https:\/\/denkmal-berlin.de\/jugendforum\/wp-json\/wp\/v2\/project_categories?post=4821"}],"curies":[{"name":"wp","href":"https:\/\/api.w.org\/{rel}","templated":true}]}}